{"id":5359,"date":"2025-10-13T14:48:17","date_gmt":"2025-10-13T14:48:17","guid":{"rendered":"https:\/\/baal17.pt\/_www\/?page_id=5359"},"modified":"2025-10-13T14:48:17","modified_gmt":"2025-10-13T14:48:17","slug":"estrangeiras-de-jose-luis-peixoto","status":"publish","type":"page","link":"https:\/\/baal17.pt\/_www\/estrangeiras-de-jose-luis-peixoto\/","title":{"rendered":"&#8220;Estrangeiras&#8221;, de Jos\u00e9 Lu\u00eds Peixoto"},"content":{"rendered":"<section class=\"wpb-content-wrapper\">[vc_row][vc_column][vc_column_text]\n<h2 class=\"wp-block-heading\"><strong>COPRODU\u00c7\u00c3O BAAL17 E CLARA PASSARINHO NO \u00c2MBITO DO PROJETO SALTO 2023<\/strong><\/h2>\n\n\n<div class=\"wp-block-group\"><div class=\"wp-block-group__inner-container is-layout-constrained wp-block-group-is-layout-constrained\">\n<p class=\"has-text-align-left\">Brasil, Cabo Verde, Portugal: tr\u00eas mulheres, tr\u00eas mundos. Para al\u00e9m das situa\u00e7\u00f5es concretas, das refer\u00eancias familiares ou ex\u00f3ticas, h\u00e1 os paradigmas, as met\u00e1foras. A partir de tudo isso, nascem as perguntas. Os mal-entendidos s\u00e3o os casulos que geram essas borboletas. No tempo da sala de espera, as perguntas batem as asas no sil\u00eancio at\u00e9 que algu\u00e9m lhes tente responder.<\/p>\n\n\n<p class=\"has-text-align-left\">A quem pertence o mundo? Qual \u00e9 a complica\u00e7\u00e3o de sair de um pa\u00eds e entrar noutro pa\u00eds? Desejar e lutar por uma vida melhor faz parte da natureza humana. Todas as pessoas s\u00e3o estrangeiras para algu\u00e9m. E tu? L\u00ea estas palavras em que l\u00edngua? \u00c9s estrangeiro\u00a0para\u00a0quem?<\/p>\n<p><\/div><\/div>\n\n<p>Texto: <strong>Jos\u00e9 Lu\u00eds Peixoto<\/strong> I Encena\u00e7\u00e3o: <strong>Clara Passarinho<\/strong> I Interpreta\u00e7\u00e3o:<strong> Andreia Galv\u00e3o, Let\u00edcia S\u00e1 Pinheiro, Juliana Tavares<\/strong> I Desenho de Luz: <strong>Mauro Herm\u00ednio<\/strong> I Apoio \u00e0 cria\u00e7\u00e3o: <strong>Mauro Herm\u00ednio <\/strong>I Cenografia: <strong>Fabrice Ziegler\/Baal17 <\/strong>I Fotografia: <strong>Fabrice Ziegler\/Baal17<\/strong> I V\u00eddeo: <strong>Nelson Canhita\/Videoplanos<\/strong><\/p>\n\n<p>Agradecimentos: Teatro Est\u00fadio Fonte Nova, Camila Filipa<\/p>\n\n<p><strong>Classifica\u00e7\u00e3o et\u00e1ria<\/strong>_ M\/12 anos I <strong>Dura\u00e7\u00e3o<\/strong>_ aprox. 60 mn<\/p>\n\n<p>&nbsp;<\/p>\n\n\n<div class=\"wp-block-columns is-layout-flex wp-container-core-columns-is-layout-9d6595d7 wp-block-columns-is-layout-flex\">\n\n<div class=\"wp-block-column is-layout-flow wp-block-column-is-layout-flow\"><\/div>\n<p><\/div>\n\n\n<blockquote class=\"wp-block-quote is-layout-flow wp-block-quote-is-layout-flow\"><p><strong>Quanto ADN pode ter um passaporte?<\/strong><\/p>\n\n<p>Quando nos provocam normalmente damos um passo atr\u00e1s do susto. Talvez seja o que \u00e9 necess\u00e1rio para entrar neste universo com palavras grandes e tantas hist\u00f3rias por tr\u00e1s. Dar um passo atr\u00e1s e observar a imagem que se forma ao longe. Quanto ADN pode ter um passaporte? Como pomos uma vida numa mala? O que deixamos para tr\u00e1s? Ao ler o texto \u201cEstrangeiras\u201d de Jos\u00e9 Lu\u00eds Peixoto percebi que podia ser um bom ponto de partida para fazer esta viagem no mundo da migra\u00e7\u00e3o e da identidade. Lili, Isabella e Ros\u00e1rio, de malas e cora\u00e7\u00f5es nas m\u00e3os, aguardam que chamem o seu nome na sala de espera do Servi\u00e7o de Fronteiras dos Estados Unidos da Am\u00e9rica. E n\u00f3s esperamos com elas. Nesta pe\u00e7a a linguagem \u00e9 a ponte e o ponto de rutura. Durante o processo de ensaios tornou-se claro que era importante falar <em>direito<\/em> e saber conjugar, mas tamb\u00e9m gritar e cantar. O que \u00e9 ser portugu\u00eas, brasileiro, cabo-verdiano? Quais as nossas expectativas para n\u00f3s e para os outros? Estas 3 mulheres mais do que migrantes s\u00e3o estrangeiras para os que as ir\u00e3o receber nesta nova terra como umas para as outras. Em \u201cEstrangeiras\u201d vamos ver o que acontece quando descal\u00e7amos esta bota. Qu\u00e3o frio pode ser o ch\u00e3o.<\/p>\n\n<p>Clara Passarinho<\/p>\n<\/blockquote>\n\n\n<div class=\"wp-block-columns is-layout-flex wp-container-core-columns-is-layout-9d6595d7 wp-block-columns-is-layout-flex\">\n<div class=\"wp-block-column is-layout-flow wp-block-column-is-layout-flow\">\n<figure class=\"wp-block-image size-large\"><img loading=\"lazy\" decoding=\"async\" width=\"1024\" height=\"683\" class=\"wp-image-5360\" src=\"https:\/\/baal17.pt\/_www\/wp-content\/uploads\/2025\/10\/Baal17_Salto23_Estrangeiras_Clara-Passarinha_Sessao-Escola-Secundaria-Serpa_12-10-23@FabriceZiegler-9-1024x683.jpg\" alt=\"\" srcset=\"https:\/\/baal17.pt\/_www\/wp-content\/uploads\/2025\/10\/Baal17_Salto23_Estrangeiras_Clara-Passarinha_Sessao-Escola-Secundaria-Serpa_12-10-23@FabriceZiegler-9-1024x683.jpg 1024w, https:\/\/baal17.pt\/_www\/wp-content\/uploads\/2025\/10\/Baal17_Salto23_Estrangeiras_Clara-Passarinha_Sessao-Escola-Secundaria-Serpa_12-10-23@FabriceZiegler-9-300x200.jpg 300w, https:\/\/baal17.pt\/_www\/wp-content\/uploads\/2025\/10\/Baal17_Salto23_Estrangeiras_Clara-Passarinha_Sessao-Escola-Secundaria-Serpa_12-10-23@FabriceZiegler-9-768x512.jpg 768w, https:\/\/baal17.pt\/_www\/wp-content\/uploads\/2025\/10\/Baal17_Salto23_Estrangeiras_Clara-Passarinha_Sessao-Escola-Secundaria-Serpa_12-10-23@FabriceZiegler-9-1536x1024.jpg 1536w, https:\/\/baal17.pt\/_www\/wp-content\/uploads\/2025\/10\/Baal17_Salto23_Estrangeiras_Clara-Passarinha_Sessao-Escola-Secundaria-Serpa_12-10-23@FabriceZiegler-9-2048x1365.jpg 2048w, https:\/\/baal17.pt\/_www\/wp-content\/uploads\/2025\/10\/Baal17_Salto23_Estrangeiras_Clara-Passarinha_Sessao-Escola-Secundaria-Serpa_12-10-23@FabriceZiegler-9-150x100.jpg 150w\" sizes=\"auto, (max-width: 1024px) 100vw, 1024px\" \/><\/figure>\n<p><\/div>\n\n\n<div class=\"wp-block-column is-layout-flow wp-block-column-is-layout-flow\">\n<figure class=\"wp-block-image size-large\"><img loading=\"lazy\" decoding=\"async\" width=\"1024\" height=\"683\" class=\"wp-image-5361\" src=\"https:\/\/baal17.pt\/_www\/wp-content\/uploads\/2025\/10\/Baal17_Salto23_Estrangeiras_Clara-Passarinha_Sessao-Escola-Secundaria-Serpa_13-10-23@FabriceZiegler-3-1024x683.jpg\" alt=\"\" srcset=\"https:\/\/baal17.pt\/_www\/wp-content\/uploads\/2025\/10\/Baal17_Salto23_Estrangeiras_Clara-Passarinha_Sessao-Escola-Secundaria-Serpa_13-10-23@FabriceZiegler-3-1024x683.jpg 1024w, https:\/\/baal17.pt\/_www\/wp-content\/uploads\/2025\/10\/Baal17_Salto23_Estrangeiras_Clara-Passarinha_Sessao-Escola-Secundaria-Serpa_13-10-23@FabriceZiegler-3-300x200.jpg 300w, https:\/\/baal17.pt\/_www\/wp-content\/uploads\/2025\/10\/Baal17_Salto23_Estrangeiras_Clara-Passarinha_Sessao-Escola-Secundaria-Serpa_13-10-23@FabriceZiegler-3-768x512.jpg 768w, https:\/\/baal17.pt\/_www\/wp-content\/uploads\/2025\/10\/Baal17_Salto23_Estrangeiras_Clara-Passarinha_Sessao-Escola-Secundaria-Serpa_13-10-23@FabriceZiegler-3-1536x1024.jpg 1536w, https:\/\/baal17.pt\/_www\/wp-content\/uploads\/2025\/10\/Baal17_Salto23_Estrangeiras_Clara-Passarinha_Sessao-Escola-Secundaria-Serpa_13-10-23@FabriceZiegler-3-2048x1365.jpg 2048w, https:\/\/baal17.pt\/_www\/wp-content\/uploads\/2025\/10\/Baal17_Salto23_Estrangeiras_Clara-Passarinha_Sessao-Escola-Secundaria-Serpa_13-10-23@FabriceZiegler-3-150x100.jpg 150w\" sizes=\"auto, (max-width: 1024px) 100vw, 1024px\" \/><\/figure>\n<p><\/div>\n\n\n<div class=\"wp-block-column is-layout-flow wp-block-column-is-layout-flow\">\n<figure class=\"wp-block-image size-large\"><img loading=\"lazy\" decoding=\"async\" width=\"1024\" height=\"683\" class=\"wp-image-5362\" src=\"https:\/\/baal17.pt\/_www\/wp-content\/uploads\/2025\/10\/Baal17_Salto23_Estrangeiras_Clara-Passarinha_Sessao-Escola-Secundaria-Serpa_12-10-23@FabriceZiegler-24-1024x683.jpg\" alt=\"\" srcset=\"https:\/\/baal17.pt\/_www\/wp-content\/uploads\/2025\/10\/Baal17_Salto23_Estrangeiras_Clara-Passarinha_Sessao-Escola-Secundaria-Serpa_12-10-23@FabriceZiegler-24-1024x683.jpg 1024w, https:\/\/baal17.pt\/_www\/wp-content\/uploads\/2025\/10\/Baal17_Salto23_Estrangeiras_Clara-Passarinha_Sessao-Escola-Secundaria-Serpa_12-10-23@FabriceZiegler-24-300x200.jpg 300w, https:\/\/baal17.pt\/_www\/wp-content\/uploads\/2025\/10\/Baal17_Salto23_Estrangeiras_Clara-Passarinha_Sessao-Escola-Secundaria-Serpa_12-10-23@FabriceZiegler-24-768x512.jpg 768w, https:\/\/baal17.pt\/_www\/wp-content\/uploads\/2025\/10\/Baal17_Salto23_Estrangeiras_Clara-Passarinha_Sessao-Escola-Secundaria-Serpa_12-10-23@FabriceZiegler-24-1536x1024.jpg 1536w, https:\/\/baal17.pt\/_www\/wp-content\/uploads\/2025\/10\/Baal17_Salto23_Estrangeiras_Clara-Passarinha_Sessao-Escola-Secundaria-Serpa_12-10-23@FabriceZiegler-24-2048x1365.jpg 2048w, https:\/\/baal17.pt\/_www\/wp-content\/uploads\/2025\/10\/Baal17_Salto23_Estrangeiras_Clara-Passarinha_Sessao-Escola-Secundaria-Serpa_12-10-23@FabriceZiegler-24-150x100.jpg 150w\" sizes=\"auto, (max-width: 1024px) 100vw, 1024px\" \/><\/figure>\n<p><\/div>\n<p><\/div>\n\n\n<div class=\"wp-block-columns is-layout-flex wp-container-core-columns-is-layout-9d6595d7 wp-block-columns-is-layout-flex\">\n<div class=\"wp-block-column is-layout-flow wp-block-column-is-layout-flow\">\n<figure class=\"wp-block-image size-large\"><img loading=\"lazy\" decoding=\"async\" width=\"1024\" height=\"683\" class=\"wp-image-5365\" src=\"https:\/\/baal17.pt\/_www\/wp-content\/uploads\/2025\/10\/Baal17_Salto23_Representacao-Estrangeiras_ClaraPassarinho_26-10-23_Noite@FabriceZiegler-29-1024x683.jpg\" alt=\"\" srcset=\"https:\/\/baal17.pt\/_www\/wp-content\/uploads\/2025\/10\/Baal17_Salto23_Representacao-Estrangeiras_ClaraPassarinho_26-10-23_Noite@FabriceZiegler-29-1024x683.jpg 1024w, https:\/\/baal17.pt\/_www\/wp-content\/uploads\/2025\/10\/Baal17_Salto23_Representacao-Estrangeiras_ClaraPassarinho_26-10-23_Noite@FabriceZiegler-29-300x200.jpg 300w, https:\/\/baal17.pt\/_www\/wp-content\/uploads\/2025\/10\/Baal17_Salto23_Representacao-Estrangeiras_ClaraPassarinho_26-10-23_Noite@FabriceZiegler-29-768x512.jpg 768w, https:\/\/baal17.pt\/_www\/wp-content\/uploads\/2025\/10\/Baal17_Salto23_Representacao-Estrangeiras_ClaraPassarinho_26-10-23_Noite@FabriceZiegler-29-1536x1024.jpg 1536w, https:\/\/baal17.pt\/_www\/wp-content\/uploads\/2025\/10\/Baal17_Salto23_Representacao-Estrangeiras_ClaraPassarinho_26-10-23_Noite@FabriceZiegler-29-2048x1365.jpg 2048w, https:\/\/baal17.pt\/_www\/wp-content\/uploads\/2025\/10\/Baal17_Salto23_Representacao-Estrangeiras_ClaraPassarinho_26-10-23_Noite@FabriceZiegler-29-150x100.jpg 150w\" sizes=\"auto, (max-width: 1024px) 100vw, 1024px\" \/><\/figure>\n<p><\/div>\n\n\n<div class=\"wp-block-column is-layout-flow wp-block-column-is-layout-flow\">\n<figure class=\"wp-block-image size-large\"><img loading=\"lazy\" decoding=\"async\" width=\"1024\" height=\"683\" class=\"wp-image-5364\" src=\"https:\/\/baal17.pt\/_www\/wp-content\/uploads\/2025\/10\/Baal17_Salto23_Representacao-Estrangeiras_ClaraPassarinho_26-10-23_Noite@FabriceZiegler-87-1024x683.jpg\" alt=\"\" srcset=\"https:\/\/baal17.pt\/_www\/wp-content\/uploads\/2025\/10\/Baal17_Salto23_Representacao-Estrangeiras_ClaraPassarinho_26-10-23_Noite@FabriceZiegler-87-1024x683.jpg 1024w, https:\/\/baal17.pt\/_www\/wp-content\/uploads\/2025\/10\/Baal17_Salto23_Representacao-Estrangeiras_ClaraPassarinho_26-10-23_Noite@FabriceZiegler-87-300x200.jpg 300w, https:\/\/baal17.pt\/_www\/wp-content\/uploads\/2025\/10\/Baal17_Salto23_Representacao-Estrangeiras_ClaraPassarinho_26-10-23_Noite@FabriceZiegler-87-768x512.jpg 768w, https:\/\/baal17.pt\/_www\/wp-content\/uploads\/2025\/10\/Baal17_Salto23_Representacao-Estrangeiras_ClaraPassarinho_26-10-23_Noite@FabriceZiegler-87-1536x1024.jpg 1536w, https:\/\/baal17.pt\/_www\/wp-content\/uploads\/2025\/10\/Baal17_Salto23_Representacao-Estrangeiras_ClaraPassarinho_26-10-23_Noite@FabriceZiegler-87-2048x1365.jpg 2048w, https:\/\/baal17.pt\/_www\/wp-content\/uploads\/2025\/10\/Baal17_Salto23_Representacao-Estrangeiras_ClaraPassarinho_26-10-23_Noite@FabriceZiegler-87-150x100.jpg 150w\" sizes=\"auto, (max-width: 1024px) 100vw, 1024px\" \/><\/figure>\n<p><\/div>\n\n\n<div class=\"wp-block-column is-layout-flow wp-block-column-is-layout-flow\">\n<figure class=\"wp-block-image size-large\"><img loading=\"lazy\" decoding=\"async\" width=\"1024\" height=\"683\" class=\"wp-image-5363\" src=\"https:\/\/baal17.pt\/_www\/wp-content\/uploads\/2025\/10\/Baal17_Salto23_Representacao-Estrangeiras_ClaraPassarinho_26-10-23_Noite@FabriceZiegler-78-1024x683.jpg\" alt=\"\" srcset=\"https:\/\/baal17.pt\/_www\/wp-content\/uploads\/2025\/10\/Baal17_Salto23_Representacao-Estrangeiras_ClaraPassarinho_26-10-23_Noite@FabriceZiegler-78-1024x683.jpg 1024w, https:\/\/baal17.pt\/_www\/wp-content\/uploads\/2025\/10\/Baal17_Salto23_Representacao-Estrangeiras_ClaraPassarinho_26-10-23_Noite@FabriceZiegler-78-300x200.jpg 300w, https:\/\/baal17.pt\/_www\/wp-content\/uploads\/2025\/10\/Baal17_Salto23_Representacao-Estrangeiras_ClaraPassarinho_26-10-23_Noite@FabriceZiegler-78-768x512.jpg 768w, https:\/\/baal17.pt\/_www\/wp-content\/uploads\/2025\/10\/Baal17_Salto23_Representacao-Estrangeiras_ClaraPassarinho_26-10-23_Noite@FabriceZiegler-78-1536x1024.jpg 1536w, https:\/\/baal17.pt\/_www\/wp-content\/uploads\/2025\/10\/Baal17_Salto23_Representacao-Estrangeiras_ClaraPassarinho_26-10-23_Noite@FabriceZiegler-78-2048x1365.jpg 2048w, https:\/\/baal17.pt\/_www\/wp-content\/uploads\/2025\/10\/Baal17_Salto23_Representacao-Estrangeiras_ClaraPassarinho_26-10-23_Noite@FabriceZiegler-78-150x100.jpg 150w\" sizes=\"auto, (max-width: 1024px) 100vw, 1024px\" \/><\/figure>\n<p><\/div>\n<p><\/div>\n[\/vc_column_text][\/vc_column][\/vc_row]\n<\/section>","protected":false},"excerpt":{"rendered":"<p>[vc_row][vc_column][vc_column_text] COPRODU\u00c7\u00c3O BAAL17 E CLARA PASSARINHO NO \u00c2MBITO DO PROJETO SALTO 2023 Brasil, Cabo Verde, Portugal: tr\u00eas mulheres, tr\u00eas mundos. Para al\u00e9m das situa\u00e7\u00f5es concretas, das refer\u00eancias familiares ou ex\u00f3ticas, h\u00e1 os paradigmas, as met\u00e1foras. A partir de tudo isso, nascem as perguntas. Os mal-entendidos s\u00e3o os casulos que geram [&hellip;]<\/p>\n","protected":false},"author":1,"featured_media":0,"parent":0,"menu_order":0,"comment_status":"closed","ping_status":"closed","template":"","meta":{"footnotes":""},"class_list":["post-5359","page","type-page","status-publish","hentry"],"_links":{"self":[{"href":"https:\/\/baal17.pt\/_www\/wp-json\/wp\/v2\/pages\/5359","targetHints":{"allow":["GET"]}}],"collection":[{"href":"https:\/\/baal17.pt\/_www\/wp-json\/wp\/v2\/pages"}],"about":[{"href":"https:\/\/baal17.pt\/_www\/wp-json\/wp\/v2\/types\/page"}],"author":[{"embeddable":true,"href":"https:\/\/baal17.pt\/_www\/wp-json\/wp\/v2\/users\/1"}],"replies":[{"embeddable":true,"href":"https:\/\/baal17.pt\/_www\/wp-json\/wp\/v2\/comments?post=5359"}],"version-history":[{"count":2,"href":"https:\/\/baal17.pt\/_www\/wp-json\/wp\/v2\/pages\/5359\/revisions"}],"predecessor-version":[{"id":5367,"href":"https:\/\/baal17.pt\/_www\/wp-json\/wp\/v2\/pages\/5359\/revisions\/5367"}],"wp:attachment":[{"href":"https:\/\/baal17.pt\/_www\/wp-json\/wp\/v2\/media?parent=5359"}],"curies":[{"name":"wp","href":"https:\/\/api.w.org\/{rel}","templated":true}]}}