{"id":4948,"date":"2024-10-23T15:49:35","date_gmt":"2024-10-23T15:49:35","guid":{"rendered":"https:\/\/baal17.pt\/_www\/?page_id=4948"},"modified":"2025-11-07T12:44:07","modified_gmt":"2025-11-07T12:44:07","slug":"ofilmequeadixneynuncafez","status":"publish","type":"page","link":"https:\/\/baal17.pt\/_www\/ofilmequeadixneynuncafez\/","title":{"rendered":"&#8220;O Filme que a Dixney nunca fez&#8221;"},"content":{"rendered":"\n<h2 class=\"wp-block-heading\">LOBBY TEATRO<\/h2>\n\n\n\n<p><strong>7 NOV. I 21H30<\/strong><\/p>\n\n\n\n<p>Quando esta hist\u00f3ria come\u00e7a, a personagem principal ainda n\u00e3o tem nome, nem sabe para onde ir. Aqui n\u00e3o h\u00e1 Coelhos Brancos para a alertar e guiar, mas h\u00e1 Fadas Madrinhas para a ajudar. Tampouco h\u00e1 Pr\u00edncipes e Donzelas Indefesas por beijar. Personagens como a Cabe\u00e7a-Debaixo-Do-Bra\u00e7o s\u00e3o as que por aqui vamos achar. Pode parecer um quebra-cabe\u00e7as a hist\u00f3ria que se quer contar, mas, n\u00e3o tarda, vamos perceber como tudo est\u00e1 no seu devido lugar!<\/p>\n\n\n\n<p>Texto e Encena\u00e7\u00e3o: <strong>Mariana Fonseca<\/strong> I Apoio \u00e0 Encena\u00e7\u00e3o: <strong>Lila Vivo<\/strong> I Apoio \u00e0 Dramaturgia: L<strong>ila Vivo e M\u00e1rio Coelho<\/strong> I Pedagogos\/ Facilitadores de Workshops: <strong>Manuela Ferreira (Amplos), Mariana Gil, Pedro Nuno, Stela, V\u00e2nia Beliz e Lobby<\/strong> I Interpreta\u00e7\u00e3o: <strong>Benedito Jos\u00e9, Diogo Bach, Joana Brito Silva, Nuriel Teixeira e Rute Rocha Ferreira<\/strong> I Dire\u00e7\u00e3o de movimento: <strong>Bruno Huca<\/strong> I Desenho de luz e Opera\u00e7\u00e3o t\u00e9cnica: <strong>Marco Lopes<\/strong> I Anima\u00e7\u00e3o e cartaz: <strong>Artur Albuquerque<\/strong> I M\u00fasica original e Sonoplastia: <strong>Jo\u00e3o Gamory<\/strong> I Cenografia:<strong> Pedro Silva<\/strong> I Figurinos: <strong>Concei\u00e7\u00e3o Ferreira e Mariana Fonseca<\/strong> I Fotografias e V\u00eddeo: <strong>Ricardo Reis<\/strong> I Produ\u00e7\u00e3o: <strong>Lobby<\/strong><\/p>\n\n\n\n<p>Coprodu\u00e7\u00e3o&nbsp;| Artemrede com os Munic\u00edpios de Alcanena, Barreiro, Palmela, Sesimbra e Sobral de Monte Agra\u00e7o no \u00e2mbito do Programa de Coprodu\u00e7\u00f5es Artemrede 2024-25<\/p>\n\n\n\n<p>Parceiro Institucional Rep\u00fablica Portuguesa &#8211; Cultura I Fundo de Fomento&nbsp;Cultural<\/p>\n\n\n\n<p>Apoios&nbsp;| Rep\u00fablica Portuguesa \u2013 Cultura, Juventude e Desporto \/ Dire\u00e7\u00e3o-Geral das Artes, Avenidas &#8211; Um Teatro em Cada Bairro; Baal17; Munic\u00edpios de Lagos e de Loul\u00e9<\/p>\n\n\n\n<p>Apoio \u00e0 resid\u00eancia | CPBC &#8211; Companhia Portuguesa de Bailado&nbsp;Contempor\u00e2neo; DeVIR \/ CAPa &#8211; Centro de Artes Performativas do Algarve &#8211; programa anual de resid\u00eancias de Cria\u00e7\u00e3o, Programa\u00e7\u00e3o, Forma\u00e7\u00e3o e Festival Encontros do DeVIR<\/p>\n\n\n\n<p>Agradecimentos&nbsp;| Associa\u00e7\u00e3o Lugar Comum;&nbsp;Born2fail; Rita Fonseca<\/p>\n\n\n\n<p><strong>Classifica\u00e7\u00e3o:<\/strong> M\/6 anos I <strong>Dura\u00e7\u00e3o<\/strong>: 60 mn<\/p>\n\n\n\n<div class=\"wp-block-media-text is-stacked-on-mobile\"><figure class=\"wp-block-media-text__media\"><img loading=\"lazy\" decoding=\"async\" width=\"683\" height=\"1024\" src=\"https:\/\/baal17.pt\/_www\/wp-content\/uploads\/2025\/10\/\u00a9Ricardo-Reis-683x1024.jpg\" alt=\"\" class=\"wp-image-5386 size-full\" srcset=\"https:\/\/baal17.pt\/_www\/wp-content\/uploads\/2025\/10\/\u00a9Ricardo-Reis-683x1024.jpg 683w, https:\/\/baal17.pt\/_www\/wp-content\/uploads\/2025\/10\/\u00a9Ricardo-Reis-200x300.jpg 200w, https:\/\/baal17.pt\/_www\/wp-content\/uploads\/2025\/10\/\u00a9Ricardo-Reis-768x1152.jpg 768w, https:\/\/baal17.pt\/_www\/wp-content\/uploads\/2025\/10\/\u00a9Ricardo-Reis-1024x1536.jpg 1024w, https:\/\/baal17.pt\/_www\/wp-content\/uploads\/2025\/10\/\u00a9Ricardo-Reis-1365x2048.jpg 1365w, https:\/\/baal17.pt\/_www\/wp-content\/uploads\/2025\/10\/\u00a9Ricardo-Reis-100x150.jpg 100w, https:\/\/baal17.pt\/_www\/wp-content\/uploads\/2025\/10\/\u00a9Ricardo-Reis-scaled.jpg 1707w\" sizes=\"auto, (max-width: 683px) 100vw, 683px\" \/><\/figure><div class=\"wp-block-media-text__content\">\n<p>V\u00eddeo promocional aqui: <a href=\"https:\/\/youtu.be\/PeiY-IFB7l8?si=Wgc5VhH_Am-H6nm0\">&#8220;O Filme que a Dixney nunca fez&#8221;<\/a><\/p>\n<\/div><\/div>\n","protected":false},"excerpt":{"rendered":"<p>LOBBY TEATRO 7 NOV. I 21H30 Quando esta hist\u00f3ria come\u00e7a, a personagem principal ainda n\u00e3o tem nome, nem sabe para onde ir. Aqui n\u00e3o h\u00e1 Coelhos Brancos para a alertar e guiar, mas h\u00e1 Fadas Madrinhas para a ajudar. Tampouco h\u00e1 Pr\u00edncipes e Donzelas Indefesas por beijar. Personagens como a [&hellip;]<\/p>\n","protected":false},"author":2,"featured_media":0,"parent":0,"menu_order":0,"comment_status":"closed","ping_status":"closed","template":"","meta":{"footnotes":""},"class_list":["post-4948","page","type-page","status-publish","hentry"],"_links":{"self":[{"href":"https:\/\/baal17.pt\/_www\/wp-json\/wp\/v2\/pages\/4948","targetHints":{"allow":["GET"]}}],"collection":[{"href":"https:\/\/baal17.pt\/_www\/wp-json\/wp\/v2\/pages"}],"about":[{"href":"https:\/\/baal17.pt\/_www\/wp-json\/wp\/v2\/types\/page"}],"author":[{"embeddable":true,"href":"https:\/\/baal17.pt\/_www\/wp-json\/wp\/v2\/users\/2"}],"replies":[{"embeddable":true,"href":"https:\/\/baal17.pt\/_www\/wp-json\/wp\/v2\/comments?post=4948"}],"version-history":[{"count":4,"href":"https:\/\/baal17.pt\/_www\/wp-json\/wp\/v2\/pages\/4948\/revisions"}],"predecessor-version":[{"id":5433,"href":"https:\/\/baal17.pt\/_www\/wp-json\/wp\/v2\/pages\/4948\/revisions\/5433"}],"wp:attachment":[{"href":"https:\/\/baal17.pt\/_www\/wp-json\/wp\/v2\/media?parent=4948"}],"curies":[{"name":"wp","href":"https:\/\/api.w.org\/{rel}","templated":true}]}}