{"id":1618,"date":"2019-04-26T22:12:57","date_gmt":"2019-04-26T22:12:57","guid":{"rendered":"https:\/\/goya.everthemes.com\/demo-basic\/?page_id=1618"},"modified":"2026-04-30T08:42:55","modified_gmt":"2026-04-30T08:42:55","slug":"home-full-screen-slider","status":"publish","type":"page","link":"https:\/\/baal17.pt\/_www\/","title":{"rendered":"historial"},"content":{"rendered":"<section class=\"wpb-content-wrapper\">[vc_row et_full_width=&#8221;true&#8221; et_row_padding=&#8221;true&#8221;][vc_column]<div id=\"et-banner-slider-69f3e3c524574\" class=\"et-banner-slider slick slick-slider slick-controls-gray slick-dots-inside\" data-navigation=\"true\" data-pagination=\"true\" data-autoplay=\"true\" data-autoplay-speed=\"4000\" data-infinite=\"true\" data-pause=\"true\" data-columns=\"1\" >\r\n\t\t<div class=\"et-banner-69f3e3c5245bd et-banner content-full  image-type-fluid text-color-light hover-effect  \"><a href=\"http:\/\/baal17.pt\/_www\/revolution\/\" class=\"et-banner-link et-banner-link-full\"><img loading=\"lazy\" decoding=\"async\" width=\"2560\" height=\"1440\" src=\"https:\/\/baal17.pt\/_www\/wp-content\/uploads\/2026\/04\/2.-capa-evento-FB_A-BILHA-QUEBRADA_baal17_2026-05-12-scaled.png\" class=\"et-banner-main-image\" alt=\"\" sizes=\"auto, (max-width: 2560px) 100vw, 2560px\" srcset=\"https:\/\/baal17.pt\/_www\/wp-content\/uploads\/2026\/04\/2.-capa-evento-FB_A-BILHA-QUEBRADA_baal17_2026-05-12-scaled.png 2560w, https:\/\/baal17.pt\/_www\/wp-content\/uploads\/2026\/04\/2.-capa-evento-FB_A-BILHA-QUEBRADA_baal17_2026-05-12-300x169.png 300w, https:\/\/baal17.pt\/_www\/wp-content\/uploads\/2026\/04\/2.-capa-evento-FB_A-BILHA-QUEBRADA_baal17_2026-05-12-1024x576.png 1024w, https:\/\/baal17.pt\/_www\/wp-content\/uploads\/2026\/04\/2.-capa-evento-FB_A-BILHA-QUEBRADA_baal17_2026-05-12-768x432.png 768w, https:\/\/baal17.pt\/_www\/wp-content\/uploads\/2026\/04\/2.-capa-evento-FB_A-BILHA-QUEBRADA_baal17_2026-05-12-1536x864.png 1536w, https:\/\/baal17.pt\/_www\/wp-content\/uploads\/2026\/04\/2.-capa-evento-FB_A-BILHA-QUEBRADA_baal17_2026-05-12-2048x1152.png 2048w, https:\/\/baal17.pt\/_www\/wp-content\/uploads\/2026\/04\/2.-capa-evento-FB_A-BILHA-QUEBRADA_baal17_2026-05-12-150x84.png 150w\" \/><\/a>\r\n\t\t<\/div><\/div>[\/vc_column][\/vc_row][vc_row][vc_column][vc_separator][\/vc_column][\/vc_row][vc_row css=&#8221;.vc_custom_1579114196093{padding-top: 60px !important;padding-bottom: 60px !important;}&#8221;][vc_column][vc_row_inner el_class=&#8221;align-center&#8221;][vc_column_inner offset=&#8221;vc_col-lg-6 vc_col-md-9&#8243;][vc_column_text]\n<h2 style=\"text-align: center;\">Destaques\/Not\u00edcias<\/h2>\n[\/vc_column_text][\/vc_column_inner][\/vc_row_inner][vc_row_inner et_column_align=&#8221;align-center&#8221; et_row_padding=&#8221;true&#8221; equal_height=&#8221;yes&#8221; content_placement=&#8221;middle&#8221;][vc_column_inner][vc_column_text]\n<div class=\"mif-shortcode-block-holder\"><div id=\"wpsr-ig-feed-4749\" class=\"wpsr-ig-feed-wrapper wpsr-feed-wrap wpsr_content wpsr-ig-feed-template1 wpsr-ig-feed-template-4749  \"   data-column=\"3\"><div class=\"wpsr-container wpsr-insta-feed-4749\">\n<div class=\"wpsr-ig-feed-wrapper-inner\"><div class=\"wpsr-row wpsr-ig-all-feed wpsr_feeds wpsr-column-gap-small\"><\/div><div class=\"wpsr-ig-footer wpsr-row \"><\/div><\/div><\/div><\/div><\/div>\n[\/vc_column_text][vc_column_text]\n<div class=\"mif-shortcode-block-holder\"><div  id=\"wpsr-fb-feed-4751\" class=\"wpsr-fb-feed-wrapper wpsr-feed-wrap wpsr_content wpsr-fb-feed-template1 wpsr-fb-timeline_feed   wpsr-fb-feed-template-4751  wpsr-has-equal-height \"   data-column=\"3\"><div class=\"wpsr-loader\">\n        <div class=\"wpsr-spinner-animation\"><\/div>\n    <\/div><div class=\"wpsr-container\">\n<div class=\"wpsr-fb-feed-wrapper-inner\"><div class=\"wpsr-row wpsr-fb-all-feed wpsr_feeds wpsr-column-gap-narrow\"><div class=\"wpsr-mb-30 wpsr-col-3 wpsr-col-sm-4 wpsr-col-xs-12\">\n            <div role=\"group\" class=\"wpsr-fb-feed-item wpsr-fb-post \" data-post_id=\"399249926788314_1575172121276421\" \n            data-user_name=\"399249926788314\"\n            data-image_size=\"full\">\n\n                                <div class=\"wpsr-fb-feed-inner\">\n                    <div class=\"wpsr-fb-feed-author\">\n            \n        <div class=\"wpsr-fb-feed-author-info\">\n                        <a target=\"_blank\" rel=\"nofollow\" href=\"https:\/\/www.facebook.com\/399249926788314\" class=\"wpsr-fb-feed-author-name\">\n                <span class=\"wpsr-fb-feed-author-name-render\">Baal17 - Companhia de Teatro\ufe0f<\/span>\n            <\/a>\n            \n            \n            <span class=\"wpsr-fb-feed-time\">\n  H\u00e1 1 dia<\/span>        <\/div>\n                <a target=\"_blank\" href=\"https:\/\/www.facebook.com\/905100814950225\/posts\/1575172121276421\" class=\"wpsr-fb-feed-platform\">\n            <i class=\"icon-facebook-square\"><\/i>\n        <\/a>\n            <\/div><p class=\"wpsr-fb-feed-content wpsr_add_read_more wpsr_show_less_content\" data-num-words-trim=\"15\">\"A Bilha Quebrada\"\nESTREIA 14, 15 e 16 de maio\nLargo de Santa Maria l 21h30 l Serpa\n\nNum tribunal de aldeia, a Dona Marta exige justi\u00e7a: algu\u00e9m invadiu o quarto da sua filha Eva durante a noite e partiu a sua bilha de estima\u00e7\u00e3o.\nAd\u00e3o, o juiz autorit\u00e1rio e corrupto, prepara-se para resolver o caso em benef\u00edcio pr\u00f3prio, mas por azar nesse dia recebe a visita de uma Inspetora vinda da cidade.\nEva recusa-se a contar a verdade e as suspeitas caem sobre o seu noivo.\nPara Dona Br\u00edgida, que nada lhe escapa, o Diabo est\u00e1 envolvido na quest\u00e3o.\nAfinal, quem partiu a bilha da Dona Marta?\n\nA com\u00e9dia \"A Bilha Quebrada\" denuncia a hipocrisia, a corrup\u00e7\u00e3o e o abuso de poder, e desafia-nos a uma reflex\u00e3o sobre a fragilidade da justi\u00e7a e das institui\u00e7\u00f5es.\n\nEncena\u00e7\u00e3o: Rui Ramos I Elenco: B\u00e1rbara Soares, Carolina Carvalhais, Filipe Seixas, Marco Ferreira, Marisela Terra, Miguel Magalh\u00e3es, Pedro Ramos e Sandra Serra<\/p>\n<div class=\"wpsr-fb-feed-playmode wpsr-fb-feed-content-wrapper\"\n    data-post_id=\"399249926788314_1575172121276421\"\n    data-user_name=\"399249926788314\"\n    data-image_size=\"full\"\n    data-feed_type=\"timeline_feed\"\n    data-index=\"0\"\n    data-playmode=\"facebook\"\n    data-template-id=\"4751\"\n    data-optimized_images=\"true\"\n    data-has_gdpr=\"false\">\n    <div class=\"wpsr-fb-feed-image \">\n        <a class=\"wpsr-feed-link\" target=\"_blank\" rel=\"nofollow\" href=\"https:\/\/www.facebook.com\/905100814950225\/posts\/1575172121276421\">\n         \n          <span class=\"wpsr-fb-media-placeholder-icon\">\n                            <i class=\"icon-picture-o\"><\/i>Photo                                      <\/span>\n                    <\/a>\n    \n    \n    <\/div>\n                    <\/div> <!-- End of the wrapper div for the Facebook timeline feed media content -->\n                                    <\/div>\n                \n            <\/div>\n                <\/div>\n                <div class=\"wpsr-mb-30 wpsr-col-3 wpsr-col-sm-4 wpsr-col-xs-12\">\n            <div role=\"group\" class=\"wpsr-fb-feed-item wpsr-fb-post \" data-post_id=\"399249926788314_1306236094769118\" \n            data-user_name=\"399249926788314\"\n            data-image_size=\"full\">\n\n                                <div class=\"wpsr-fb-feed-inner\">\n                    <div class=\"wpsr-fb-feed-author\">\n            \n        <div class=\"wpsr-fb-feed-author-info\">\n                        <a target=\"_blank\" rel=\"nofollow\" href=\"https:\/\/www.facebook.com\/399249926788314\" class=\"wpsr-fb-feed-author-name\">\n                <span class=\"wpsr-fb-feed-author-name-render\">Baal17 - Companhia de Teatro\ufe0f<\/span>\n            <\/a>\n            \n                            <span class=\"wpsr-fb-feed-story\">\n                   Updated their cover photo.                <\/span>\n            \n            <span class=\"wpsr-fb-feed-time\">\n  H\u00e1 3 dias<\/span>        <\/div>\n                <a target=\"_blank\" href=\"https:\/\/www.facebook.com\/905100814950225\/posts\/1306236094769118?substory_index=1306236094769118\" class=\"wpsr-fb-feed-platform\">\n            <i class=\"icon-facebook-square\"><\/i>\n        <\/a>\n            <\/div><p class=\"wpsr-fb-feed-content wpsr_add_read_more wpsr_show_less_content\" data-num-words-trim=\"15\"><\/p>\n<div class=\"wpsr-fb-feed-playmode wpsr-fb-feed-content-wrapper\"\n    data-post_id=\"399249926788314_1306236094769118\"\n    data-user_name=\"399249926788314\"\n    data-image_size=\"full\"\n    data-feed_type=\"timeline_feed\"\n    data-index=\"1\"\n    data-playmode=\"facebook\"\n    data-template-id=\"4751\"\n    data-optimized_images=\"true\"\n    data-has_gdpr=\"false\">\n    <div class=\"wpsr-fb-feed-image \">\n        <a class=\"wpsr-feed-link\" target=\"_blank\" rel=\"nofollow\" href=\"https:\/\/www.facebook.com\/905100814950225\/posts\/1306236094769118?substory_index=1306236094769118\">\n         \n          <span class=\"wpsr-fb-media-placeholder-icon\">\n                            <i class=\"icon-picture-o\"><\/i>Photo                                      <\/span>\n                    <\/a>\n    \n    \n    <\/div>\n                    <\/div> <!-- End of the wrapper div for the Facebook timeline feed media content -->\n                                    <\/div>\n                \n            <\/div>\n                <\/div>\n                <div class=\"wpsr-mb-30 wpsr-col-3 wpsr-col-sm-4 wpsr-col-xs-12\">\n            <div role=\"group\" class=\"wpsr-fb-feed-item wpsr-fb-post \" data-post_id=\"399249926788314_1571155515011415\" \n            data-user_name=\"399249926788314\"\n            data-image_size=\"full\">\n\n                                <div class=\"wpsr-fb-feed-inner\">\n                    <div class=\"wpsr-fb-feed-author\">\n            \n        <div class=\"wpsr-fb-feed-author-info\">\n                        <a target=\"_blank\" rel=\"nofollow\" href=\"https:\/\/www.facebook.com\/399249926788314\" class=\"wpsr-fb-feed-author-name\">\n                <span class=\"wpsr-fb-feed-author-name-render\">Baal17 - Companhia de Teatro\ufe0f<\/span>\n            <\/a>\n            \n            \n            <span class=\"wpsr-fb-feed-time\">\n  H\u00e1 5 dias<\/span>        <\/div>\n                <a target=\"_blank\" href=\"https:\/\/www.facebook.com\/905100814950225\/posts\/1571155515011415\" class=\"wpsr-fb-feed-platform\">\n            <i class=\"icon-facebook-square\"><\/i>\n        <\/a>\n            <\/div><p class=\"wpsr-fb-feed-content wpsr_add_read_more wpsr_show_less_content\" data-num-words-trim=\"15\">25 de abril sempre, fascismo nunca mais! \nCantemos bem alto, lutemos todos os dias!<\/p>\n<div class=\"wpsr-fb-feed-playmode wpsr-fb-feed-content-wrapper\"\n    data-post_id=\"399249926788314_1571155515011415\"\n    data-user_name=\"399249926788314\"\n    data-image_size=\"full\"\n    data-feed_type=\"timeline_feed\"\n    data-index=\"2\"\n    data-playmode=\"facebook\"\n    data-template-id=\"4751\"\n    data-optimized_images=\"true\"\n    data-has_gdpr=\"false\">\n                        <\/div> <!-- End of the wrapper div for the Facebook timeline feed media content -->\n                    <div>\n        <div class=\"wpsr-fb-feed-url-summary-card-wrapper\">\n        \n        \n                <a class=\"wpsr-fb-feed-url-summary-card\" href=\"https:\/\/share.google\/7DK4wIlWBbpQdVzf5\" target=\"_blank\" rel=\"nofollow\">\n                        <div class=\"wpsr-fb-feed-url-summary-card-inner\">\n                                                <div class=\"wpsr-fb-feed-url-summary-card-contents\">\n                                        <div class=\"wpsr-fb-feed-url-summary-card-contents-domain\">\n                        http:\/\/share.google                    <\/div>\n                    \n                                        <div class=\"wpsr-fb-feed-url-summary-card-contents-title\">\n                        &quot;Em cada rosto igualdade&quot;                    <\/div>\n                    \n                                        <div class=\"wpsr-fb-feed-url-summary-card-contents-description\">\n                        &quot;Em cada rosto igualdade\u201d surgiu da vontade da Baal17 em comemorar o&hellip;                    <\/div>\n                                    <\/div>\n                \n            <\/div>\n                    <\/a>\n            <\/div>\n    <\/div>                <\/div>\n                \n            <\/div>\n                <\/div>\n                <div class=\"wpsr-mb-30 wpsr-col-3 wpsr-col-sm-4 wpsr-col-xs-12\">\n            <div role=\"group\" class=\"wpsr-fb-feed-item wpsr-fb-post \" data-post_id=\"399249926788314_1569307921862841\" \n            data-user_name=\"399249926788314\"\n            data-image_size=\"full\">\n\n                                <div class=\"wpsr-fb-feed-inner\">\n                    <div class=\"wpsr-fb-feed-author\">\n            \n        <div class=\"wpsr-fb-feed-author-info\">\n                        <a target=\"_blank\" rel=\"nofollow\" href=\"https:\/\/www.facebook.com\/399249926788314\" class=\"wpsr-fb-feed-author-name\">\n                <span class=\"wpsr-fb-feed-author-name-render\">Baal17 - Companhia de Teatro\ufe0f<\/span>\n            <\/a>\n            \n                            <span class=\"wpsr-fb-feed-story\">\n                                   <\/span>\n            \n            <span class=\"wpsr-fb-feed-time\">\n  H\u00e1 1 semana<\/span>        <\/div>\n                <a target=\"_blank\" href=\"https:\/\/www.facebook.com\/905100814950225\/posts\/1569307921862841\" class=\"wpsr-fb-feed-platform\">\n            <i class=\"icon-facebook-square\"><\/i>\n        <\/a>\n            <\/div><p class=\"wpsr-fb-feed-content wpsr_add_read_more wpsr_show_less_content\" data-num-words-trim=\"15\">O que \u00e9 que \u00e9 preciso para transformar um texto dram\u00e1tico numa pe\u00e7a de teatro?\n\nFoi com esta pergunta que se deu in\u00edcio \u00e0 atividade \u201cDo texto ao palco\", em conjunto com os alunos do 7.\u00ba ano da Escola EB2\/3 Abade Correia da Serra. A partir do texto \u201cA Bilha Quebrada\u201d, de Heinrich von Kleist, que a Baal17 estreia a 14 de maio, em Serpa, convers\u00e1mos sobre as caracter\u00edsticas espec\u00edficas do texto dram\u00e1tico: como analisar personagens, recolher informa\u00e7\u00f5es essenciais para a cena e imaginar elementos complementares que enriquecem a performance teatral. Com a ajuda dos alunos, fizemos uma breve viagem pelo processo dramat\u00fargico em que puderam dar voz e vida aos personagens. \nAfinal, h\u00e1 mil e uma maneiras de dizer \u201cOh diabo! O que \u00e9 que lhe aconteceu, senhor juiz Ad\u00e3o\u201d \ud83d\ude0a. \n\u201cDo texto ao palco\u201d continua a ser desenvolvida no Agrupamento de Escolas n.\u00ba 1 de Serpa em futuras sess\u00f5es. \n\n#Baal17 #DoTextoAoPalco #Teatro #Educa\u00e7\u00e3oPelaArte #Media\u00e7\u00e3oCultural #P\u00fablicos #Escolas #Comunidade #Dramaturgia #HeinrichVonKleist #ABilhaQuebrada<\/p>\n<div class=\"wpsr-fb-feed-playmode wpsr-fb-feed-content-wrapper\"\n    data-post_id=\"399249926788314_1569307921862841\"\n    data-user_name=\"399249926788314\"\n    data-image_size=\"full\"\n    data-feed_type=\"timeline_feed\"\n    data-index=\"3\"\n    data-playmode=\"facebook\"\n    data-template-id=\"4751\"\n    data-optimized_images=\"true\"\n    data-has_gdpr=\"false\">\n    <div class=\"wpsr-fb-feed-image \">\n        <a class=\"wpsr-feed-link\" target=\"_blank\" rel=\"nofollow\" href=\"https:\/\/www.facebook.com\/905100814950225\/posts\/1569307921862841\">\n         \n          <span class=\"wpsr-fb-media-placeholder-icon\">\n                            <i class=\"icon-picture-o\"><\/i>Photo                                      <\/span>\n                    <\/a>\n    \n    \n    <\/div>\n                    <\/div> <!-- End of the wrapper div for the Facebook timeline feed media content -->\n                                    <\/div>\n                \n            <\/div>\n                <\/div>\n                <\/div><div class=\"wpsr-fb-feed-footer wpsr-fb-feed-follow-button-group wpsr-row \"><\/div><\/div><\/div><\/div><\/div>\n[\/vc_column_text][\/vc_column_inner][\/vc_row_inner][\/vc_column][\/vc_row]\n<\/section>","protected":false},"excerpt":{"rendered":"<p>[vc_row et_full_width=&#8221;true&#8221; et_row_padding=&#8221;true&#8221;][vc_column][\/vc_column][\/vc_row][vc_row][vc_column][vc_separator][\/vc_column][\/vc_row][vc_row css=&#8221;.vc_custom_1579114196093{padding-top: 60px !important;padding-bottom: 60px !important;}&#8221;][vc_column][vc_row_inner el_class=&#8221;align-center&#8221;][vc_column_inner offset=&#8221;vc_col-lg-6 vc_col-md-9&#8243;][vc_column_text] Destaques\/Not\u00edcias [\/vc_column_text][\/vc_column_inner][\/vc_row_inner][vc_row_inner et_column_align=&#8221;align-center&#8221; et_row_padding=&#8221;true&#8221; equal_height=&#8221;yes&#8221; content_placement=&#8221;middle&#8221;][vc_column_inner][vc_column_text] [\/vc_column_text][vc_column_text] [\/vc_column_text][\/vc_column_inner][\/vc_row_inner][\/vc_column][\/vc_row]<\/p>\n","protected":false},"author":1,"featured_media":0,"parent":0,"menu_order":0,"comment_status":"closed","ping_status":"closed","template":"","meta":{"footnotes":""},"class_list":["post-1618","page","type-page","status-publish","hentry"],"_links":{"self":[{"href":"https:\/\/baal17.pt\/_www\/wp-json\/wp\/v2\/pages\/1618","targetHints":{"allow":["GET"]}}],"collection":[{"href":"https:\/\/baal17.pt\/_www\/wp-json\/wp\/v2\/pages"}],"about":[{"href":"https:\/\/baal17.pt\/_www\/wp-json\/wp\/v2\/types\/page"}],"author":[{"embeddable":true,"href":"https:\/\/baal17.pt\/_www\/wp-json\/wp\/v2\/users\/1"}],"replies":[{"embeddable":true,"href":"https:\/\/baal17.pt\/_www\/wp-json\/wp\/v2\/comments?post=1618"}],"version-history":[{"count":38,"href":"https:\/\/baal17.pt\/_www\/wp-json\/wp\/v2\/pages\/1618\/revisions"}],"predecessor-version":[{"id":5546,"href":"https:\/\/baal17.pt\/_www\/wp-json\/wp\/v2\/pages\/1618\/revisions\/5546"}],"wp:attachment":[{"href":"https:\/\/baal17.pt\/_www\/wp-json\/wp\/v2\/media?parent=1618"}],"curies":[{"name":"wp","href":"https:\/\/api.w.org\/{rel}","templated":true}]}}